{"id":73,"date":"2024-03-24T19:06:44","date_gmt":"2024-03-24T19:06:44","guid":{"rendered":"https:\/\/lottfischer.ch\/?page_id=73"},"modified":"2024-05-11T20:50:14","modified_gmt":"2024-05-11T20:50:14","slug":"mes-themes","status":"publish","type":"page","link":"https:\/\/lottfischer.ch\/?page_id=73","title":{"rendered":"Mes themes"},"content":{"rendered":"\n<h2 class=\"wp-block-heading has-white-color has-text-color has-link-color wp-elements-9b88ba2312f5b1b257783a65dada7657\"><strong>Vivre en ville<\/strong><\/h2>\n\n\n\n<p class=\"has-pale-pink-background-color has-background has-medium-font-size\">Une ville de moyenne taille comme Neuch\u00e2tel est un lieu parfait pour d\u00e9veloper une soci\u00e9t\u00e9 compatible avec les exigences du 21\u00e8me si\u00e8cle: mixit\u00e9 d&rsquo;habitation, de travail, formation, commerces, services et loisirs, tout \u00e0 distance pietonne (= ville de 10 minutes). Lien social fort, \u00e9conomie circulaire et de proximit\u00e9, melting pot des cultures, r\u00e9duction de la consommation de ressources, cr\u00e9ativit\u00e9, innovation et ouverture au monde permettent une belle qualit\u00e9 de vie et un fonctionnement efficace et durable. Les coeurs des centralit\u00e9s (anciens villages, et quartiers importants) joueront un r\u00f4le important pour permettre de (re)-cr\u00e9er des liens sociaux.<\/p>\n\n\n\n<h2 class=\"wp-block-heading has-white-color has-text-color has-link-color wp-elements-2a19a88d1f9f96802d16411fa3910bb2\"><strong>Mobilit\u00e9<\/strong><\/h2>\n\n\n\n<p class=\"has-pale-pink-background-color has-background has-medium-font-size\">La mixit\u00e9 de travail, habitation et services permettent de r\u00e9duire les besoins de mobilit\u00e9 de base. Une infrastructure de mobilit\u00e9 douce adequate combin\u00e9 avec  des transports publics performants  le puzzle d&rsquo;une mobilit\u00e9 durable et efficace. Dans le contexte de l&rsquo;espace public restraint, avec une augementation de trafic du \u00e0 la densification de l&rsquo;habitat, celui-ci doit \u00eatre reorganis\u00e9 en donnant plus de place aux pieton-nes et cyclistes, et aux v\u00e9g\u00e9tales.<\/p>\n\n\n\n<h2 class=\"wp-block-heading has-white-color has-text-color has-link-color wp-elements-d79de0bfa738e3d95adb7ab54b1c5639\"><strong>Energie<\/strong><\/h2>\n\n\n\n<p class=\"has-pale-pink-background-color has-background has-medium-font-size\">Grace aux \u00e9nergies renouvelables soleil, vent, bois et chaleur\/froid du lac, notre ville peut devenir autonome en terme d&rsquo;\u00e9nergie. Ceci cr\u00e9e de la valeur ajout\u00e9e locale, renforce notre autonomie, et nous approche de la neutralit\u00e9 carbonne.<\/p>\n\n\n\n<h2 class=\"wp-block-heading has-white-color has-text-color has-link-color wp-elements-d46f42e627243bae70214f91810cc28e\"><strong>Centre ville<\/strong><\/h2>\n\n\n\n<p class=\"has-pale-pink-background-color has-background has-medium-font-size\">La zone pietonne avec sa mixit\u00e9 d&rsquo;habitation, des commerces, d&rsquo;artisans, des services et des loisirs est l&rsquo;un des atouts majeures de notre ville. Oeuvre pionier des ann\u00e9es 70, elle a encore du potentiel d&rsquo;am\u00e9lioration, notamment en renfor\u00e7ant le lien entre la Vielle ville et le lac.<\/p>\n\n\n\n<h2 class=\"wp-block-heading has-white-color has-text-color has-link-color wp-elements-bcf34ab6b7819f25dceddeeeabbfa674\"><strong>Nature<\/strong><\/h2>\n\n\n\n<p class=\"has-pale-pink-background-color has-background has-medium-font-size\">Plus la ville est densifi\u00e9e, plus la qualit\u00e9 des espaces verts devient importants. Les parcs sont importants pour se d\u00e9lasser et rencontrer des gens, mais aussi pour offrir \u00e0 la faune et \u00e0 la flore indig\u00e8nes un milieu naturel pr\u00e9serv\u00e9. Lors des nouvelles constructions ou des r\u00e9novations, les jardins, et surtout les grands arbres, doivent \u00eatre conserv\u00e9s. Planter des arbres ou cr\u00e9er des zones v\u00e9g\u00e9talis\u00e9es contribuent \u00e0 r\u00e9duire les il\u00f4ts de chaleurs.<\/p>\n\n\n\n<h2 class=\"wp-block-heading has-white-color has-text-color has-link-color wp-elements-b047ed044902fa85a5b05691fd3d5284\"><strong>Economie<\/strong><\/h2>\n\n\n\n<p class=\"has-pale-pink-background-color has-background has-medium-font-size\">Le m\u00e9lange de formation, tourisme, commerces, services, industrie et artisans constituent id\u00e9alement un tissu \u00e9conomique solide, diversifi\u00e9 et durable, garant de notre prosp\u00e9rit\u00e9 actuelle et future. Des chemins courts, l&rsquo;\u00e9vitement de monocultures et l&rsquo;\u00e9conomie des ressources seront toujours plus importants et sont \u00e0 encourager partout. Actuellement, le secteur primaire manque quasi totalement, comme nous lavons r\u00e9alis\u00e9 lors du COVID. Il sera int\u00e9ressant d&rsquo;investiguer \u00e0 quel point \u00e7a pourrait changer \u00e0 moyen terme.<\/p>\n\n\n\n<h2 class=\"wp-block-heading has-white-color has-text-color has-link-color wp-elements-ca998485d91aa49db31f2b74514a32aa\"><strong>Handicap<\/strong><\/h2>\n\n\n\n<p class=\"has-pale-pink-background-color has-background has-medium-font-size\">L&rsquo;int\u00e9gration est la cl\u00e9 dans ce domaine. La soci\u00e9t\u00e9 inclusive ne concerne pas que l&rsquo;handicap, mais \u00e9galement d&rsquo;autres groupes en marge de la soci\u00e9t\u00e9 diff\u00e9rents par leur age, origine, statut social ou orientation sexuelle.<\/p>\n\n\n\n<h2 class=\"wp-block-heading has-white-color has-text-color has-link-color wp-elements-6a5e83e1fbda9d36f788605e2d81872d\"><strong>Personnes \u00e2g\u00e9es<\/strong><\/h2>\n\n\n\n<p class=\"has-pale-pink-background-color has-background has-medium-font-size\">Dans moins de 20 ans, notre ville comptera 25 % des personnes \u00e2g\u00e9es de 65 ans et plus. Appartements avec encadrement, transports publics adapt\u00e9s, prestations m\u00e9dicales \u00e0 proximit\u00e9, lieu de rencontres dans le voisinage &#8211; tous ces mesurers permettent aux personnes \u00e2g\u00e9es de prendre soin d\u2019elles-m\u00eames, de conserver leur autonomie et de continuer \u00e0 participer \u00e0 la vie sociale le plus longtemps possible, malgr\u00e9 les limitations inh\u00e9rentes \u00e0 l\u2019\u00e2ge et \u00e0 la maladie.<\/p>\n","protected":false},"excerpt":{"rendered":"<p>Vivre en ville Une ville de moyenne taille comme Neuch\u00e2tel est un lieu parfait pour d\u00e9veloper une soci\u00e9t\u00e9 compatible avec les exigences [&hellip;]<\/p>\n","protected":false},"author":1,"featured_media":0,"parent":0,"menu_order":0,"comment_status":"closed","ping_status":"closed","template":"","meta":{"footnotes":""},"class_list":["post-73","page","type-page","status-publish","hentry"],"_links":{"self":[{"href":"https:\/\/lottfischer.ch\/index.php?rest_route=\/wp\/v2\/pages\/73","targetHints":{"allow":["GET"]}}],"collection":[{"href":"https:\/\/lottfischer.ch\/index.php?rest_route=\/wp\/v2\/pages"}],"about":[{"href":"https:\/\/lottfischer.ch\/index.php?rest_route=\/wp\/v2\/types\/page"}],"author":[{"embeddable":true,"href":"https:\/\/lottfischer.ch\/index.php?rest_route=\/wp\/v2\/users\/1"}],"replies":[{"embeddable":true,"href":"https:\/\/lottfischer.ch\/index.php?rest_route=%2Fwp%2Fv2%2Fcomments&post=73"}],"version-history":[{"count":4,"href":"https:\/\/lottfischer.ch\/index.php?rest_route=\/wp\/v2\/pages\/73\/revisions"}],"predecessor-version":[{"id":188,"href":"https:\/\/lottfischer.ch\/index.php?rest_route=\/wp\/v2\/pages\/73\/revisions\/188"}],"wp:attachment":[{"href":"https:\/\/lottfischer.ch\/index.php?rest_route=%2Fwp%2Fv2%2Fmedia&parent=73"}],"curies":[{"name":"wp","href":"https:\/\/api.w.org\/{rel}","templated":true}]}}